{"id":586,"date":"2022-12-29T00:37:57","date_gmt":"2022-12-28T23:37:57","guid":{"rendered":"https:\/\/panafricando.org\/?page_id=586"},"modified":"2025-01-15T13:33:31","modified_gmt":"2025-01-15T12:33:31","slug":"home","status":"publish","type":"page","link":"https:\/\/panafricando.org\/index.php\/home\/","title":{"rendered":"Pagina d&#8217;Accoglienza-fine-2024"},"content":{"rendered":"<p>[et_pb_section fb_built=&#8221;1&#8243; fullwidth=&#8221;on&#8221; disabled_on=&#8221;off|off|off&#8221; admin_label=&#8221;Hero&#8221; _builder_version=&#8221;4.16&#8243; _module_preset=&#8221;default&#8221; background_color=&#8221;#1f1f1f&#8221; parallax=&#8221;on&#8221; custom_padding=&#8221;|||&#8221; transparent_background=&#8221;on&#8221; global_colors_info=&#8221;{}&#8221;][et_pb_fullwidth_slider _builder_version=&#8221;4.17.4&#8243; _module_preset=&#8221;default&#8221; body_text_align=&#8221;justify&#8221; background_image=&#8221;http:\/\/panafricando.org\/wp-content\/uploads\/2022\/11\/img5-FestivalPanafricanoTorino-20181065.jpg&#8221; custom_button=&#8221;on&#8221; button_icon=&#8221;&#x3d;||divi||400&#8243; button_icon_color=&#8221;#000000&#8243; min_height=&#8221;391.3px&#8221; custom_padding=&#8221;50px||0px|||&#8221; auto=&#8221;on&#8221; box_shadow_style=&#8221;preset7&#8243; global_colors_info=&#8221;{}&#8221;][et_pb_slide heading=&#8221;Associazione Panafricando-APS&#8221; button_text=&#8221;VUOI RAGGINGERTI A NOI ?&#8221; button_link=&#8221;@ET-DC@eyJkeW5hbWljIjp0cnVlLCJjb250ZW50IjoicG9zdF9saW5rX3VybF9wYWdlIiwic2V0dGluZ3MiOnsicG9zdF9pZCI6IjY4In19@&#8221; use_bg_overlay=&#8221;off&#8221; use_text_overlay=&#8221;on&#8221; text_overlay_color=&#8221;rgba(178,134,64,0.31)&#8221; text_border_radius=&#8221;50px&#8221; _builder_version=&#8221;4.17.4&#8243; _dynamic_attributes=&#8221;button_link&#8221; _module_preset=&#8221;default&#8221; header_font=&#8221;ABeeZee|600||on|||||&#8221; header_text_color=&#8221;#E09900&#8243; header_font_size=&#8221;45px&#8221; body_font=&#8221;ABeeZee||||||||&#8221; body_text_color=&#8221;#000000&#8243; body_font_size=&#8221;20px&#8221; background_color=&#8221;rgba(178,134,64,0.31)&#8221; background_enable_color=&#8221;off&#8221; background_image=&#8221;http:\/\/panafricando.org\/wp-content\/uploads\/2022\/06\/271137523_3238203853084254_5256801009431714886_n-1.jpg&#8221; background_enable_image=&#8221;on&#8221; custom_button=&#8221;on&#8221; button_text_size=&#8221;23px&#8221; button_text_color=&#8221;#E09900&#8243; button_bg_color=&#8221;RGBA(255,255,255,0)&#8221; button_border_color=&#8221;#E09900&#8243; button_border_radius=&#8221;16px&#8221; button_font=&#8221;|700|||||||&#8221; button_use_icon=&#8221;on&#8221; button_icon=&#8221;&#x49;||divi||400&#8243; background_layout=&#8221;light&#8221; header_text_shadow_style=&#8221;preset5&#8243; global_colors_info=&#8221;{}&#8221; sticky_transition=&#8221;on&#8221;]<\/p>\n<p><strong><span style=\"color: #000000;\">Registrato il 28 Dicembre 2016 dopo la terza edizione del Festival Panafricano <\/span>\u00a0<\/strong><span style=\"color: #000000;\"><\/span><\/p>\n<p><span style=\"color: #000000;\">E&#8217; una rete ed il consolidamento sul territorio formata da un gruppo di persone appartenenti a diverse comunit\u00e0 di origine africana, africana\/italiana, afrodiscendente ed italiana presenti sul territorio Torinese.<\/span><span style=\"color: #000000;\"><strong><\/strong><\/span><\/p>\n<p><strong style=\"color: #000000; font-size: 20px;\">Panafricando,<\/strong><span style=\"color: #000000; font-size: 20px;\"> \u00e8 una associazione di promozione sociale e culturale, fa parte di una serie di reti trale quale il Forum delle assiciazioni della circoscrizione 7 di Torino, del Coordinamento Aurora,<\/span><span style=\"color: #000000; font-size: 20px;\">Torino Plurale Solidale del Comune di Torino, del\u00a0 <span>Summit nazionale delle diaspore, del Forum nazionale delle diaspore, <\/span>collabora con tutte le associazioni <\/span><span style=\"color: #000000; font-size: 20px;\">delle comunit\u00e0 africani e afro-discendenti di Torino e provincia.<\/span><\/p>\n<p>[\/et_pb_slide][et_pb_slide heading=&#8221;Associazione Panafricando-APS&#8221; button_text=&#8221;VUOI RAGGINGERTI A NOI ?&#8221; button_link=&#8221;@ET-DC@eyJkeW5hbWljIjp0cnVlLCJjb250ZW50IjoicG9zdF9saW5rX3VybF9wYWdlIiwic2V0dGluZ3MiOnsicG9zdF9pZCI6IjY4In19@&#8221; url_new_window=&#8221;on&#8221; use_bg_overlay=&#8221;off&#8221; use_text_overlay=&#8221;on&#8221; text_overlay_color=&#8221;rgba(178,134,64,0.31)&#8221; text_border_radius=&#8221;50px&#8221; content_tablet=&#8221;<\/p>\n<p style=%22text-align: left;%22><span style=%22color: #ffffff;%22><span style=%22font-size: large;%22><b>REALIZZAZIONE<\/b><\/span><\/span><\/p>\n<p><span style=%22color: #ffffff;%22>Panafricando tra le sue molteplici progettualit\u00e0, dal 2014 organizza il \u201cFestival Panafricano\u201d coinvolgendo le comunit\u00e0 migranti africane del territorio nella celebrazione dell\u2019anniversario della costituzione dell\u2019 Unione Africana. Ha organizzato 7 festival 5 consecutivi dal 2014 al 2018 e 2 dopo la pandemia del COVID 2022 e 2023.<\/span><\/p>\n<p>&#8221; content_phone=&#8221;<\/p>\n<p style=%22text-align: left;%22><span style=%22color: #ffffff;%22><span style=%22font-size: large;%22><b>REALIZZAZIONE<\/b><\/span><\/span><\/p>\n<p><span style=%22color: #ffffff;%22>Panafricando tra le sue molteplici progettualit\u00e0, dal 2014 organizza il \u201cFestival Panafricano\u201d coinvolgendo le comunit\u00e0 migranti africane del territorio nella celebrazione dell\u2019anniversario della costituzione dell\u2019 Unione Africana. Ha organizzato 7 festival 5 consecutivi dal 2014 al 2018 e 2 dopo la pandemia del COVID 2022 e 2023.<\/span><\/p>\n<p>&#8221; content_last_edited=&#8221;on|desktop&#8221; _builder_version=&#8221;4.17.4&#8243; _dynamic_attributes=&#8221;link_option_url,button_link&#8221; _module_preset=&#8221;default&#8221; header_font=&#8221;ABeeZee|600||on|||||&#8221; header_text_color=&#8221;#E09900&#8243; header_font_size=&#8221;45px&#8221; body_font=&#8221;ABeeZee||||||||&#8221; body_text_color=&#8221;#000000&#8243; body_font_size=&#8221;20px&#8221; background_color=&#8221;rgba(178,134,64,0.31)&#8221; background_enable_color=&#8221;off&#8221; background_image=&#8221;http:\/\/panafricando.org\/wp-content\/uploads\/2022\/06\/271137523_3238203853084254_5256801009431714886_n-1.jpg&#8221; background_enable_image=&#8221;on&#8221; custom_button=&#8221;on&#8221; button_text_size=&#8221;23px&#8221; button_text_color=&#8221;#E09900&#8243; button_bg_color=&#8221;RGBA(255,255,255,0)&#8221; button_border_color=&#8221;#E09900&#8243; button_border_radius=&#8221;16px&#8221; button_font=&#8221;|700|||||||&#8221; button_use_icon=&#8221;on&#8221; button_icon=&#8221;&#x49;||divi||400&#8243; background_layout=&#8221;light&#8221; link_option_url=&#8221;@ET-DC@eyJkeW5hbWljIjp0cnVlLCJjb250ZW50IjoicG9zdF9saW5rX3VybF9wYWdlIiwic2V0dGluZ3MiOnsicG9zdF9pZCI6IjY4In19@&#8221; header_text_shadow_style=&#8221;preset5&#8243; global_colors_info=&#8221;{}&#8221; sticky_transition=&#8221;on&#8221;]<\/p>\n<p style=\"text-align: left;\"><span style=\"color: #000000;\"><span style=\"font-size: large;\"><b>REALIZZAZIONE<\/b><\/span><\/span><\/p>\n<p><span style=\"color: #000000;\">Panafricando tra le sue molteplici progettualit\u00e0, dal 2014 organizza il \u201cFestival Panafricano\u201d coinvolgendo le comunit\u00e0 migranti africane del territorio nella celebrazione dell\u2019anniversario della costituzione dell\u2019 Unione Africana. Ha organizzato 7 Edizione del Festival\u00a0 Panaricano di Torino,\u00a0 5 consecutivi dal 2014 al 2018 e 2 dopo la pandemia del COVID 2022 e 2023.<\/span><\/p>\n<p>[\/et_pb_slide][et_pb_slide heading=&#8221;Associazione Panafricando-APS&#8221; button_text=&#8221;VUOI RAGGINGERTI A NOI ?&#8221; button_link=&#8221;@ET-DC@eyJkeW5hbWljIjp0cnVlLCJjb250ZW50IjoicG9zdF9saW5rX3VybF9wYWdlIiwic2V0dGluZ3MiOnsicG9zdF9pZCI6IjY4In19@&#8221; use_bg_overlay=&#8221;off&#8221; use_text_overlay=&#8221;on&#8221; text_overlay_color=&#8221;rgba(178,134,64,0.31)&#8221; text_border_radius=&#8221;50px&#8221; _builder_version=&#8221;4.17.4&#8243; _dynamic_attributes=&#8221;button_link&#8221; _module_preset=&#8221;default&#8221; header_font=&#8221;ABeeZee|600||on|||||&#8221; header_text_color=&#8221;#E09900&#8243; header_font_size=&#8221;45px&#8221; body_font=&#8221;ABeeZee||||||||&#8221; body_text_color=&#8221;#000000&#8243; body_font_size=&#8221;20px&#8221; background_color=&#8221;rgba(178,134,64,0.31)&#8221; background_enable_color=&#8221;off&#8221; use_background_color_gradient=&#8221;on&#8221; background_image=&#8221;http:\/\/panafricando.org\/wp-content\/uploads\/2022\/06\/271137523_3238203853084254_5256801009431714886_n-1.jpg&#8221; background_enable_image=&#8221;on&#8221; custom_button=&#8221;on&#8221; button_text_size=&#8221;23px&#8221; button_text_color=&#8221;#E09900&#8243; button_bg_color=&#8221;RGBA(255,255,255,0)&#8221; button_border_color=&#8221;#E09900&#8243; button_border_radius=&#8221;16px&#8221; button_font=&#8221;|700|||||||&#8221; button_use_icon=&#8221;on&#8221; button_icon=&#8221;&#x49;||divi||400&#8243; background_layout=&#8221;light&#8221; header_text_shadow_style=&#8221;preset5&#8243; global_colors_info=&#8221;{}&#8221; sticky_transition=&#8221;on&#8221;]<\/p>\n<p><span style=\"color: #000000;\"><span style=\"font-size: large;\"><b>MISSION<\/b><\/span><\/span><\/p>\n<p><span style=\"color: #000000;\">Creare un luogo dove coniugare curiosit\u00e0 ed emozioni e scoprire, insieme a chi \u00e8 arrivato da terre lontane, le culture straniere come ricchezza e non come criticit\u00e0 per il territorio. Creando un nuovo spazio di arte e innovazione intendiamo favorire i processi di comprensione, dialogo ed accoglimento reciproci. <\/span><\/p>\n<p>[\/et_pb_slide][et_pb_slide heading=&#8221;Associazione Panafricando-APS&#8221; button_text=&#8221;VUOI RAGGINGERTI A NOI ?&#8221; button_link=&#8221;@ET-DC@eyJkeW5hbWljIjp0cnVlLCJjb250ZW50IjoicG9zdF9saW5rX3VybF9wYWdlIiwic2V0dGluZ3MiOnsicG9zdF9pZCI6IjY4In19@&#8221; use_bg_overlay=&#8221;off&#8221; use_text_overlay=&#8221;on&#8221; text_overlay_color=&#8221;rgba(178,134,64,0.31)&#8221; text_border_radius=&#8221;50px&#8221; _builder_version=&#8221;4.17.4&#8243; _dynamic_attributes=&#8221;button_link&#8221; _module_preset=&#8221;default&#8221; header_font=&#8221;ABeeZee|600||on|||||&#8221; header_text_color=&#8221;#E09900&#8243; header_font_size=&#8221;45px&#8221; body_font=&#8221;ABeeZee||||||||&#8221; body_text_color=&#8221;#000000&#8243; body_font_size=&#8221;20px&#8221; background_color=&#8221;rgba(178,134,64,0.31)&#8221; background_enable_color=&#8221;off&#8221; background_image=&#8221;http:\/\/panafricando.org\/wp-content\/uploads\/2022\/06\/271137523_3238203853084254_5256801009431714886_n-1.jpg&#8221; background_enable_image=&#8221;on&#8221; custom_button=&#8221;on&#8221; button_text_size=&#8221;23px&#8221; button_text_color=&#8221;#E09900&#8243; button_bg_color=&#8221;RGBA(255,255,255,0)&#8221; button_border_color=&#8221;#E09900&#8243; button_border_radius=&#8221;16px&#8221; button_font=&#8221;|700|||||||&#8221; button_use_icon=&#8221;on&#8221; button_icon=&#8221;&#x49;||divi||400&#8243; background_layout=&#8221;light&#8221; header_text_shadow_style=&#8221;preset5&#8243; global_colors_info=&#8221;{}&#8221; sticky_transition=&#8221;on&#8221;]<\/p>\n<p><span style=\"color: #000000;\"><span style=\"font-size: large;\"><b>VISION <\/b><\/span><\/span><\/p>\n<p><span style=\"color: #000000;\">Panafricando con la collaborazione dei suoi partner di progetto intende avviare ed offrire, nel prossimo futuro a Torino, attraverso il TO.Mama uno spazio fisico, \u201cafro-discenti\u201d sull\u2019esperta guida dell\u2019 Educatorio, d\u2019 arte, innovativo, neutro, d\u2019 incontro dove la vastit\u00e0 della cultura Africana sostiene e concretizza i processi di conoscenza e di consenso reciproco tra i cittadini.<\/span><\/p>\n<p>[\/et_pb_slide][et_pb_slide heading=&#8221;Associazione Panafricando-APS&#8221; button_text=&#8221;VUOI RAGGINGERTI A NOI ?&#8221; button_link=&#8221;@ET-DC@eyJkeW5hbWljIjp0cnVlLCJjb250ZW50IjoicG9zdF9saW5rX3VybF9wYWdlIiwic2V0dGluZ3MiOnsicG9zdF9pZCI6IjY4In19@&#8221; use_bg_overlay=&#8221;off&#8221; use_text_overlay=&#8221;on&#8221; text_overlay_color=&#8221;rgba(178,134,64,0.31)&#8221; text_border_radius=&#8221;50px&#8221; _builder_version=&#8221;4.17.4&#8243; _dynamic_attributes=&#8221;button_link&#8221; _module_preset=&#8221;default&#8221; header_font=&#8221;ABeeZee|600||on|||||&#8221; header_text_color=&#8221;#E09900&#8243; header_font_size=&#8221;45px&#8221; body_font=&#8221;ABeeZee||||||||&#8221; body_text_color=&#8221;#000000&#8243; body_font_size=&#8221;20px&#8221; background_color=&#8221;rgba(178,134,64,0.31)&#8221; background_enable_color=&#8221;off&#8221; background_image=&#8221;http:\/\/panafricando.org\/wp-content\/uploads\/2022\/06\/271137523_3238203853084254_5256801009431714886_n-1.jpg&#8221; background_enable_image=&#8221;on&#8221; custom_button=&#8221;on&#8221; button_text_size=&#8221;23px&#8221; button_text_color=&#8221;#E09900&#8243; button_bg_color=&#8221;RGBA(255,255,255,0)&#8221; button_border_color=&#8221;#E09900&#8243; button_border_radius=&#8221;16px&#8221; button_font=&#8221;|700|||||||&#8221; button_use_icon=&#8221;on&#8221; button_icon=&#8221;&#x49;||divi||400&#8243; background_layout=&#8221;light&#8221; header_text_shadow_style=&#8221;preset5&#8243; global_colors_info=&#8221;{}&#8221; sticky_transition=&#8221;on&#8221;]<\/p>\n<p><span style=\"color: #000000;\"><span style=\"font-size: large;\"><b>BISOGNI<\/b><\/span><\/span><\/p>\n<p><strong><span style=\"color: #000000;\">In questo crescente contesto multiculturale, a seguito dei difficili anni in cui, abbiamo affrontato una pandemia prima ed una guerra poi e con l\u2019aggravarsi della situazione economica e sociale nel nostro paese, riteniamo che un bisogno primario sia costituito dalla necessit\u00e0 di individuare luoghi e momenti nelle citt\u00e0, in cui favorire l\u2019 incontro tra i cittadini delle diverse origini.<\/span><\/strong><\/p>\n<p>[\/et_pb_slide][\/et_pb_fullwidth_slider][\/et_pb_section][et_pb_section fb_built=&#8221;1&#8243; fullwidth=&#8221;on&#8221; _builder_version=&#8221;4.17.4&#8243; _module_preset=&#8221;default&#8221; global_colors_info=&#8221;{}&#8221;][et_pb_fullwidth_image src=&#8221;http:\/\/panafricando.org\/wp-content\/uploads\/2024\/12\/Auguri-di-buone-feste-2024-anno-2025-2a-1.png&#8221; title_text=&#8221;Auguri di buone feste-2024- anno-2025-2a&#8221; _builder_version=&#8221;4.17.4&#8243; _module_preset=&#8221;default&#8221; custom_margin=&#8221;49px|||||&#8221; hover_enabled=&#8221;0&#8243; global_colors_info=&#8221;{}&#8221; sticky_enabled=&#8221;0&#8243;][\/et_pb_fullwidth_image][\/et_pb_section][et_pb_section fb_built=&#8221;1&#8243; _builder_version=&#8221;4.17.4&#8243; _module_preset=&#8221;default&#8221; custom_padding=&#8221;41px||24px|||&#8221; global_colors_info=&#8221;{}&#8221;][et_pb_row use_custom_gutter=&#8221;on&#8221; make_equal=&#8221;on&#8221; _builder_version=&#8221;4.17.4&#8243; _module_preset=&#8221;default&#8221; background_size=&#8221;initial&#8221; background_position=&#8221;top_left&#8221; background_repeat=&#8221;repeat&#8221; module_alignment=&#8221;center&#8221; custom_margin=&#8221;-21px|auto||auto||&#8221; custom_padding=&#8221;0px||19px|||&#8221; global_colors_info=&#8221;{}&#8221;][et_pb_column type=&#8221;4_4&#8243; _builder_version=&#8221;4.16&#8243; _module_preset=&#8221;default&#8221; custom_padding=&#8221;|||&#8221; global_colors_info=&#8221;{}&#8221; custom_padding__hover=&#8221;|||&#8221;][et_pb_button button_text=&#8221;Attivit\u00e0 Associazione Panafricando-Aps&#8221; button_alignment=&#8221;center&#8221; _builder_version=&#8221;4.17.4&#8243; _module_preset=&#8221;default&#8221; custom_button=&#8221;on&#8221; button_text_size=&#8221;20px&#8221; button_text_color=&#8221;#ffffff&#8221; button_bg_color=&#8221;#c39d63&#8243; button_border_width=&#8221;2px&#8221; button_border_color=&#8221;#c39d63&#8243; button_border_radius=&#8221;15px&#8221; button_letter_spacing=&#8221;2px&#8221; button_font=&#8221;Montserrat|||on|&#8221; button_use_icon=&#8221;off&#8221; custom_margin=&#8221;7px||7px||true|&#8221; animation_style=&#8221;zoom&#8221; animation_intensity_zoom=&#8221;20%&#8221; box_shadow_style=&#8221;preset4&#8243; button_letter_spacing_hover=&#8221;2px&#8221; locked=&#8221;off&#8221; global_colors_info=&#8221;{}&#8221; button_text_size__hover_enabled=&#8221;off&#8221; button_one_text_size__hover_enabled=&#8221;off&#8221; button_two_text_size__hover_enabled=&#8221;off&#8221; button_text_color__hover_enabled=&#8221;off&#8221; button_one_text_color__hover_enabled=&#8221;off&#8221; button_two_text_color__hover_enabled=&#8221;off&#8221; button_border_width__hover_enabled=&#8221;off&#8221; button_one_border_width__hover_enabled=&#8221;off&#8221; button_two_border_width__hover_enabled=&#8221;off&#8221; button_border_color__hover_enabled=&#8221;off&#8221; button_one_border_color__hover_enabled=&#8221;off&#8221; button_two_border_color__hover_enabled=&#8221;off&#8221; button_border_radius__hover_enabled=&#8221;off&#8221; button_one_border_radius__hover_enabled=&#8221;off&#8221; button_two_border_radius__hover_enabled=&#8221;off&#8221; button_letter_spacing__hover_enabled=&#8221;on&#8221; button_letter_spacing__hover=&#8221;2px&#8221; button_one_letter_spacing__hover_enabled=&#8221;off&#8221; button_two_letter_spacing__hover_enabled=&#8221;off&#8221; button_bg_color__hover_enabled=&#8221;off&#8221; button_one_bg_color__hover_enabled=&#8221;off&#8221; button_two_bg_color__hover_enabled=&#8221;off&#8221;][\/et_pb_button][\/et_pb_column][\/et_pb_row][et_pb_row use_custom_gutter=&#8221;on&#8221; gutter_width=&#8221;2&#8243; make_equal=&#8221;on&#8221; _builder_version=&#8221;4.17.4&#8243; _module_preset=&#8221;default&#8221; width=&#8221;94%&#8221; max_width=&#8221;1800px&#8221; module_alignment=&#8221;center&#8221; custom_margin=&#8221;|15px||15px|false|true&#8221; global_colors_info=&#8221;{}&#8221;][et_pb_column type=&#8221;4_4&#8243; _builder_version=&#8221;4.17.4&#8243; _module_preset=&#8221;default&#8221; background_color=&#8221;RGBA(255,255,255,0)&#8221; box_shadow_style=&#8221;preset2&#8243; global_colors_info=&#8221;{}&#8221;][et_pb_blog fullwidth=&#8221;off&#8221; posts_number=&#8221;9&#8243; include_categories=&#8221;4,6,14&#8243; _builder_version=&#8221;4.17.4&#8243; _module_preset=&#8221;default&#8221; global_colors_info=&#8221;{}&#8221;][\/et_pb_blog][\/et_pb_column][\/et_pb_row][\/et_pb_section][et_pb_section fb_built=&#8221;1&#8243; fullwidth=&#8221;on&#8221; _builder_version=&#8221;4.17.4&#8243; _module_preset=&#8221;default&#8221; global_colors_info=&#8221;{}&#8221;][et_pb_fullwidth_image src=&#8221;http:\/\/panafricando.org\/wp-content\/uploads\/2023\/01\/img-base-festival-panafricando1000mini.png&#8221; title_text=&#8221;img-base-festival-panafricando1000(mini)&#8221; _builder_version=&#8221;4.17.4&#8243; _module_preset=&#8221;default&#8221; global_colors_info=&#8221;{}&#8221;][\/et_pb_fullwidth_image][\/et_pb_section][et_pb_section fb_built=&#8221;1&#8243; _builder_version=&#8221;4.17.4&#8243; _module_preset=&#8221;default&#8221; min_height=&#8221;876.2px&#8221; custom_padding=&#8221;25px||0px|||&#8221; global_colors_info=&#8221;{}&#8221;][et_pb_row use_custom_gutter=&#8221;on&#8221; make_equal=&#8221;on&#8221; _builder_version=&#8221;4.17.4&#8243; _module_preset=&#8221;default&#8221; background_color=&#8221;rgba(178,134,64,0.31)&#8221; max_width=&#8221;1800px&#8221; min_height=&#8221;528.2px&#8221; global_colors_info=&#8221;{}&#8221;][et_pb_column type=&#8221;4_4&#8243; _builder_version=&#8221;4.17.4&#8243; _module_preset=&#8221;default&#8221; global_colors_info=&#8221;{}&#8221;][et_pb_slider _builder_version=&#8221;4.17.4&#8243; _module_preset=&#8221;default&#8221; header_text_color=&#8221;#000000&#8243; body_text_color=&#8221;#000000&#8243; background_color=&#8221;rgba(178,134,64,0.31)&#8221; custom_margin=&#8221;||4px|||&#8221; custom_padding=&#8221;0px||0px|||&#8221; auto=&#8221;on&#8221; auto_ignore_hover=&#8221;on&#8221; header_text_shadow_style=&#8221;preset2&#8243; global_colors_info=&#8221;{}&#8221;][et_pb_slide heading=&#8221;Festival Panafricano Torino 2014&#8243; button_text=&#8221;Click per la galleria &#8221; button_link=&#8221;@ET-DC@eyJkeW5hbWljIjp0cnVlLCJjb250ZW50IjoicG9zdF9saW5rX3VybF9wYWdlIiwic2V0dGluZ3MiOnsicG9zdF9pZCI6IjE0MSJ9fQ==@&#8221; image=&#8221;http:\/\/panafricando.org\/wp-content\/uploads\/2022\/06\/279203126_3355973411307297_2050801090935836428_n.jpg&#8221; _builder_version=&#8221;4.17.4&#8243; _dynamic_attributes=&#8221;button_link&#8221; _module_preset=&#8221;default&#8221; custom_button=&#8221;on&#8221; button_text_color=&#8221;#000000&#8243; button_border_width=&#8221;3px&#8221; button_border_color=&#8221;#E09900&#8243; button_border_radius=&#8221;15px&#8221; button_font=&#8221;|600|||||||&#8221; button_use_icon=&#8221;off&#8221; box_shadow_style_button=&#8221;preset4&#8243; global_colors_info=&#8221;{}&#8221; sticky_transition=&#8221;on&#8221;]<\/p>\n<p class=\"western\" align=\"left\"><span style=\"color: #000000;\"><span style=\"font-family: Bitstream Charter, serif;\"><span style=\"font-size: medium;\"><span>La prima edizione <\/span><\/span><\/span><\/span><span style=\"color: #000000;\"><span style=\"font-family: Bitstream Charter, serif;\"><span style=\"font-size: medium;\"><span>del Festival Panafricano si \u00e8 svolto <\/span><\/span><\/span><\/span><span style=\"color: #000000;\"><span style=\"font-family: Bitstream Charter, serif;\"><span style=\"font-size: medium;\"><span>dal 17 al 18 Maggio 2014 <\/span><\/span><\/span><\/span><span style=\"color: #000000;\"><span style=\"font-family: Bitstream Charter, serif;\"><span style=\"font-size: medium;\"><span>al <\/span><\/span><\/span><\/span><span style=\"color: #000000;\"><span style=\"font-family: Bitstream Charter, serif;\"><span style=\"font-size: medium;\"><b>Centro d&#8217;Incontro di Corso Belgio 91 e sui campi di via Carmagnola 27 a Torino<\/b><\/span><\/span><\/span><span style=\"color: #000000;\"><span style=\"font-family: Bitstream Charter, serif;\"><span style=\"font-size: medium;\"><span> <\/span><\/span><\/span><\/span><span style=\"color: #000000;\"><span style=\"font-family: Bitstream Charter, serif;\"><span style=\"font-size: medium;\"><span>nel quartiere Aurora, <\/span><\/span><\/span><\/span><span style=\"color: #000000;\"><span style=\"font-family: Bitstream Charter, serif;\"><span style=\"font-size: medium;\"><span>con il patrocinio della Circoscrizione 7, <\/span><\/span><\/span><\/span><span style=\"color: #000000;\"><span style=\"font-family: Bitstream Charter, serif;\"><span style=\"font-size: medium;\"><span lang=\"it-IT\"><span>\u00e8 <\/span><\/span><\/span><\/span><\/span><span style=\"color: #000000;\"><span style=\"font-family: Bitstream Charter, serif;\"><span style=\"font-size: medium;\"><span lang=\"it-IT\"><span>stato <\/span><\/span><\/span><\/span><\/span><span style=\"color: #000000;\"><span style=\"font-family: Bitstream Charter, serif;\"><span style=\"font-size: medium;\"><span>promosso <\/span><\/span><\/span><\/span><span style=\"color: #000000;\"><span style=\"font-family: Bitstream Charter, serif;\"><span style=\"font-size: medium;\"><span>de<\/span><\/span><\/span><\/span><span style=\"color: #000000;\"><span style=\"font-family: Bitstream Charter, serif;\"><span style=\"font-size: medium;\"><span>lle<\/span><\/span><\/span><\/span><span style=\"color: #000000;\"><span style=\"font-family: Bitstream Charter, serif;\"><span style=\"font-size: medium;\"><span> associazioni:<br \/><\/span><\/span><\/span><\/span><span style=\"font-family: Bitstream Charter, serif;\"><span style=\"font-size: medium;\">&#8211; A.I.P (ASSOCIAZIONE degli IVORIANI IN PIEMONTE E VALLE D\u2019AOSTA)<br \/><\/span><\/span><span style=\"font-family: Bitstream Charter, serif;\"><span style=\"font-size: medium;\">&#8211; CONGO HELP (ASSOCIAZIONE DEI CONGOLESI IN PIEMONTE)<br \/><\/span><\/span><span style=\"color: #000000;\"><span style=\"font-family: Bitstream Charter, serif;\"><span style=\"font-size: medium;\"><span lang=\"it-IT\"><span>Con l\u2019adesione delle associazioni dei vari paesi che sono: <\/span><\/span><\/span><\/span><\/span><span style=\"color: #000000;\"><span style=\"font-family: Bitstream Charter, serif;\"><span style=\"font-size: medium;\"><span>Guinea, Senegal, Ghana, Tanzania, Marocco, Nigeria, Somalia, Cameroun, Mali, Madagascar, e LAC (Ligue Africaine pour le changement). <\/span><\/span><\/span><\/span><span style=\"color: #000000;\"><span style=\"font-family: Bitstream Charter, serif;\"><span style=\"font-size: medium;\"><span>Con attivit\u00e0 <\/span><\/span><\/span><\/span><span style=\"color: #000000;\"><span style=\"font-family: Bitstream Charter, serif;\"><span style=\"font-size: medium;\"><span lang=\"it-IT\"><span>s<\/span><\/span><\/span><\/span><\/span><span style=\"color: #000000;\"><span style=\"font-family: Bitstream Charter, serif;\"><span style=\"font-size: medium;\"><span>portiva, dibattiti, esposizione <\/span><\/span><\/span><\/span><span style=\"color: #000000;\"><span style=\"font-family: Bitstream Charter, serif;\"><span style=\"font-size: medium;\"><span>artigianato e attivit\u00e0 delle comunit\u00e0<\/span><\/span><\/span><\/span><span style=\"color: #000000;\"><span style=\"font-family: Bitstream Charter, serif;\"><span style=\"font-size: medium;\"><span>, cucina tipica dei paesi aderenti, sfilata <\/span><\/span><\/span><\/span><span style=\"color: #000000;\"><span style=\"font-family: Bitstream Charter, serif;\"><span style=\"font-size: medium;\"><span>abiti tipici, <\/span><\/span><\/span><\/span><span style=\"color: #000000;\"><span style=\"font-family: Bitstream Charter, serif;\"><span style=\"font-size: medium;\"><span>e <\/span><\/span><\/span><\/span><span style=\"color: #000000;\"><span style=\"font-family: Bitstream Charter, serif;\"><span style=\"font-size: medium;\"><span>conclusione in <\/span><\/span><\/span><\/span><span style=\"color: #000000;\"><span style=\"font-family: Bitstream Charter, serif;\"><span style=\"font-size: medium;\"><span>musica.<\/span><\/span><\/span><\/span><span style=\"color: #000000;\"><span style=\"font-family: Bitstream Charter, serif;\"><span style=\"font-size: medium;\"><span><br \/><\/span><\/span><\/span><\/span><span style=\"color: #000000;\"><span style=\"font-family: Bitstream Charter, serif;\"><span style=\"font-size: medium;\"><span>I partecipan<\/span><\/span><\/span><\/span><span style=\"color: #000000;\"><span style=\"font-family: Bitstream Charter, serif;\"><span style=\"font-size: medium;\"><span lang=\"it-IT\"><span>ti<\/span><\/span><\/span><\/span><\/span><span style=\"color: #000000;\"><span style=\"font-family: Bitstream Charter, serif;\"><span style=\"font-size: medium;\"><span> a questa prima edizione sono stati dodici <\/span><\/span><\/span><\/span><span style=\"color: #000000;\"><span style=\"font-family: Bitstream Charter, serif;\"><span style=\"font-size: medium;\"><span>(12) paesi.<\/span><\/span><\/span><\/span><\/p>\n<p>[\/et_pb_slide][et_pb_slide heading=&#8221;Festival Panafricano Torino 2015&#8243; button_text=&#8221;Click per la galleria &#8221; button_link=&#8221;https:\/\/panafricando.org\/index.php\/galleria-festival-2014-2\/&#8221; image=&#8221;http:\/\/panafricando.org\/wp-content\/uploads\/2022\/06\/279704598_3359684327602872_3825044306612367490_n.jpg&#8221; _builder_version=&#8221;4.17.4&#8243; _module_preset=&#8221;default&#8221; custom_button=&#8221;on&#8221; button_text_color=&#8221;#000000&#8243; button_border_width=&#8221;3px&#8221; button_border_color=&#8221;#E09900&#8243; button_border_radius=&#8221;15px&#8221; button_font=&#8221;|600|||||||&#8221; button_use_icon=&#8221;off&#8221; box_shadow_style_button=&#8221;preset4&#8243; global_colors_info=&#8221;{}&#8221; sticky_transition=&#8221;on&#8221;]<\/p>\n<p class=\"western\" align=\"left\"><span style=\"color: #000000;\"><span style=\"font-family: Bitstream Charter, serif;\"><span style=\"font-size: medium;\"><span>La seconda edizione <\/span><\/span><\/span><\/span><span style=\"color: #000000;\"><span style=\"font-family: Bitstream Charter, serif;\"><span style=\"font-size: medium;\"><span> \u00e8 stato organizzato <\/span><\/span><\/span><\/span><span style=\"color: #000000;\"><span style=\"font-family: Bitstream Charter, serif;\"><span style=\"font-size: medium;\"><span>dal 23 al 24 <\/span><\/span><\/span><\/span><span style=\"color: #000000;\"><span style=\"font-family: Bitstream Charter, serif;\"><span style=\"font-size: medium;\"><span>maggio <\/span><\/span><\/span><\/span><span style=\"color: #000000;\"><span style=\"font-family: Bitstream Charter, serif;\"><span style=\"font-size: medium;\"><span>2015<\/span><\/span><\/span><\/span><span style=\"color: #000000;\"><span style=\"font-family: Bitstream Charter, serif;\"><span style=\"font-size: medium;\"><span> <\/span><\/span><\/span><\/span><span style=\"color: #000000;\"><span style=\"font-family: Bitstream Charter, serif;\"><span style=\"font-size: medium;\"><span>\u00e8 <\/span><\/span><\/span><\/span><span style=\"color: #000000;\"><span style=\"font-family: Bitstream Charter, serif;\"><span style=\"font-size: medium;\"><span>si <\/span><\/span><\/span><\/span><span style=\"color: #000000;\"><span style=\"font-family: Bitstream Charter, serif;\"><span style=\"font-size: medium;\"><span>svolto <\/span><\/span><\/span><\/span><span style=\"color: #000000;\"><span style=\"font-family: Bitstream Charter, serif;\"><span style=\"font-size: medium;\"><span lang=\"it-IT\"><span>di nuovo <\/span><\/span><\/span><\/span><\/span><span style=\"color: #000000;\"><span style=\"font-family: Bitstream Charter, serif;\"><span style=\"font-size: medium;\"><span>al <\/span><\/span><\/span><\/span><span style=\"color: #000000;\"><span style=\"font-family: Bitstream Charter, serif;\"><span style=\"font-size: medium;\"><b>Centro d&#8217;Incontro di Corso Belgio 91 e sui campi di via Carmagnola 27 a Torino<\/b><\/span><\/span><\/span><span style=\"color: #000000;\"><span style=\"font-family: Bitstream Charter, serif;\"><span style=\"font-size: medium;\"><span> <\/span><\/span><\/span><\/span><span style=\"color: #000000;\"><span style=\"font-family: Bitstream Charter, serif;\"><span style=\"font-size: medium;\"><span>nel quartiere Aurora. <\/span><\/span><\/span><\/span><span style=\"color: #000000;\"><span style=\"font-family: Bitstream Charter, serif;\"><span style=\"font-size: medium;\"><span> <\/span><\/span><\/span><\/span><span style=\"color: #000000;\"><span style=\"font-family: Bitstream Charter, serif;\"><span style=\"font-size: medium;\"><span>P<\/span><\/span><\/span><\/span><span style=\"color: #000000;\"><span style=\"font-family: Bitstream Charter, serif;\"><span style=\"font-size: medium;\"><span>romossa dai dodici paesi della prima edizione <\/span><\/span><\/span><\/span><span style=\"color: #000000;\"><span style=\"font-family: Bitstream Charter, serif;\"><span style=\"font-size: medium;\"><span lang=\"it-IT\"><span>alle quale si sono <\/span><\/span><\/span><\/span><\/span><span style=\"color: #000000;\"><span style=\"font-family: Bitstream Charter, serif;\"><span style=\"font-size: medium;\"><span>aggiunt<\/span><\/span><\/span><\/span><span style=\"color: #000000;\"><span style=\"font-family: Bitstream Charter, serif;\"><span style=\"font-size: medium;\"><span>i<\/span><\/span><\/span><\/span><span style=\"color: #000000;\"><span style=\"font-family: Bitstream Charter, serif;\"><span style=\"font-size: medium;\"><span>: Algeria, Angola, Benin, Capo Verde, Egitto, Eritrea, Mozambico, Ruanda, Sierra Leone, Sudan, Togo, Tunisia.<br \/>La realizzazione del Festival \u00e8 avvenuta nuovamente grazie al sostegno della Circoscrizione 7 e con il Patrocinio della Citt\u00e0 di Torino.<br \/><\/span><\/span><\/span><\/span><span style=\"color: #000000;\"><span style=\"font-family: Bitstream Charter, serif;\"><span style=\"font-size: medium;\"><span>Con attivit\u00e0 <\/span><\/span><\/span><\/span><span style=\"color: #000000;\"><span style=\"font-family: Bitstream Charter, serif;\"><span style=\"font-size: medium;\"><span lang=\"it-IT\"><span>s<\/span><\/span><\/span><\/span><\/span><span style=\"color: #000000;\"><span style=\"font-family: Bitstream Charter, serif;\"><span style=\"font-size: medium;\"><span>portiva, dibattiti, esposizione <\/span><\/span><\/span><\/span><span style=\"color: #000000;\"><span style=\"font-family: Bitstream Charter, serif;\"><span style=\"font-size: medium;\"><span>artigianato e attivit\u00e0 delle comunit\u00e0<\/span><\/span><\/span><\/span><span style=\"color: #000000;\"><span style=\"font-family: Bitstream Charter, serif;\"><span style=\"font-size: medium;\"><span>, cucina tipica dei paesi aderenti, sfilata <\/span><\/span><\/span><\/span><span style=\"color: #000000;\"><span style=\"font-family: Bitstream Charter, serif;\"><span style=\"font-size: medium;\"><span>abiti tipici, <\/span><\/span><\/span><\/span><span style=\"color: #000000;\"><span style=\"font-family: Bitstream Charter, serif;\"><span style=\"font-size: medium;\"><span>e <\/span><\/span><\/span><\/span><span style=\"color: #000000;\"><span style=\"font-family: Bitstream Charter, serif;\"><span style=\"font-size: medium;\"><span>conclusione in <\/span><\/span><\/span><\/span><span style=\"color: #000000;\"><span style=\"font-family: Bitstream Charter, serif;\"><span style=\"font-size: medium;\"><span>musica.<\/span><\/span><\/span><\/span><span style=\"color: #000000;\"><span style=\"font-family: Bitstream Charter, serif;\"><span style=\"font-size: medium;\"><span><br \/><\/span><\/span><\/span><\/span><span style=\"color: #000000;\"><span style=\"font-family: Bitstream Charter, serif;\"><span style=\"font-size: medium;\"><span>I partecipan<\/span><\/span><\/span><\/span><span style=\"color: #000000;\"><span style=\"font-family: Bitstream Charter, serif;\"><span style=\"font-size: medium;\"><span lang=\"it-IT\"><span>ti<\/span><\/span><\/span><\/span><\/span><span style=\"color: #000000;\"><span style=\"font-family: Bitstream Charter, serif;\"><span style=\"font-size: medium;\"><span> a questa <\/span><\/span><\/span><\/span><span style=\"color: #000000;\"><span style=\"font-family: Bitstream Charter, serif;\"><span style=\"font-size: medium;\"><span lang=\"it-IT\"><span>seconda<\/span><\/span><\/span><\/span><\/span><span style=\"color: #000000;\"><span style=\"font-family: Bitstream Charter, serif;\"><span style=\"font-size: medium;\"><span> edizione sono stati dodici <\/span><\/span><\/span><\/span><span style=\"color: #000000;\"><span style=\"font-family: Bitstream Charter, serif;\"><span style=\"font-size: medium;\"><span>(<\/span><\/span><\/span><\/span><span style=\"color: #000000;\"><span style=\"font-family: Bitstream Charter, serif;\"><span style=\"font-size: medium;\"><span>2<\/span><\/span><\/span><\/span><span style=\"color: #000000;\"><span style=\"font-family: Bitstream Charter, serif;\"><span style=\"font-size: medium;\"><span>2) paesi.<\/span><\/span><\/span><\/span><\/p>\n<p>[\/et_pb_slide][et_pb_slide heading=&#8221;Festival Panafricano Torino 2016&#8243; button_text=&#8221;Click per la galleria &#8221; image=&#8221;http:\/\/panafricando.org\/wp-content\/uploads\/2022\/06\/279454488_3355112718060033_5752366669425640052_n.jpg&#8221; _builder_version=&#8221;4.17.4&#8243; _module_preset=&#8221;default&#8221; custom_button=&#8221;on&#8221; button_text_color=&#8221;#000000&#8243; button_border_width=&#8221;3px&#8221; button_border_color=&#8221;#E09900&#8243; button_border_radius=&#8221;15px&#8221; button_font=&#8221;|600|||||||&#8221; button_use_icon=&#8221;off&#8221; box_shadow_style_button=&#8221;preset4&#8243; global_colors_info=&#8221;{}&#8221; sticky_transition=&#8221;on&#8221;]<\/p>\n<p class=\"western\" align=\"left\"><span style=\"color: #000000;\"><span style=\"font-family: Bitstream Charter, serif;\"><span style=\"font-size: medium;\"><span>La terza edizione <\/span><\/span><\/span><\/span><span style=\"color: #000000;\"><span style=\"font-family: Bitstream Charter, serif;\"><span style=\"font-size: medium;\"><span>\u00e8 stat<\/span><\/span><\/span><\/span><span style=\"color: #000000;\"><span style=\"font-family: Bitstream Charter, serif;\"><span style=\"font-size: medium;\"><span lang=\"it-IT\"><span>a<\/span><\/span><\/span><\/span><\/span><span style=\"color: #000000;\"><span style=\"font-family: Bitstream Charter, serif;\"><span style=\"font-size: medium;\"><span> organizzat<\/span><\/span><\/span><\/span><span style=\"color: #000000;\"><span style=\"font-family: Bitstream Charter, serif;\"><span style=\"font-size: medium;\"><span>a <\/span><\/span><\/span><\/span><span style=\"color: #000000;\"><span style=\"font-family: Bitstream Charter, serif;\"><span style=\"font-size: medium;\"><span>dal 20 al 22 Maggio 2016. S<\/span><\/span><\/span><\/span><span style=\"color: #000000;\"><span style=\"font-family: Bitstream Charter, serif;\"><span style=\"font-size: medium;\"><span>i <\/span><\/span><\/span><\/span><span style=\"color: #000000;\"><span style=\"font-family: Bitstream Charter, serif;\"><span style=\"font-size: medium;\"><span>svolto a <\/span><\/span><\/span><\/span><span style=\"color: #000000;\"><span style=\"font-family: Bitstream Charter, serif;\"><span style=\"font-size: medium;\"><b>Cecchi Point, Casa del quartiere circoscrizione 7 in via Antonio Cecchi 17 e sui campi di via Carmagnola 27 a Torino<\/b><\/span><\/span><\/span><span style=\"color: #000000;\"><span style=\"font-family: Bitstream Charter, serif;\"><span style=\"font-size: medium;\"><span>, <\/span><\/span><\/span><\/span><span style=\"color: #000000;\"><span style=\"font-family: Bitstream Charter, serif;\"><span style=\"font-size: medium;\"><span>sempre Aurora.<br \/><\/span><\/span><\/span><\/span><span style=\"color: #000000;\"><span style=\"font-family: Bitstream Charter, serif;\"><span style=\"font-size: medium;\"><span lang=\"it-IT\"><span>Con <\/span><\/span><\/span><\/span><\/span><span style=\"color: #000000;\"><span style=\"font-family: Bitstream Charter, serif;\"><span style=\"font-size: medium;\"><span>sostegno <\/span><\/span><\/span><\/span><span style=\"color: #000000;\"><span style=\"font-family: Bitstream Charter, serif;\"><span style=\"font-size: medium;\"><span>e patrocinio del Consiglio Regionale, dell\u2019INPS, della Citt\u00e0 di Torino, <\/span><\/span><\/span><\/span><span style=\"color: #000000;\"><span style=\"font-family: Bitstream Charter, serif;\"><span style=\"font-size: medium;\"><span>della Circoscrizione 7 <\/span><\/span><\/span><\/span><span style=\"color: #000000;\"><span style=\"font-family: Bitstream Charter, serif;\"><span style=\"font-size: medium;\"><span>e <\/span><\/span><\/span><\/span><span style=\"color: #000000;\"><span style=\"font-family: Bitstream Charter, serif;\"><span style=\"font-size: medium;\"><span>del Centro Piemontese di Studi Africani <\/span><\/span><\/span><\/span><span style=\"color: #000000;\"><span style=\"font-family: Bitstream Charter, serif;\"><span style=\"font-size: medium;\"><span>di Torino.<br \/><\/span><\/span><\/span><\/span><span style=\"color: #000000;\"><span style=\"font-family: Bitstream Charter, serif;\"><span style=\"font-size: medium;\"><span>Con attivit\u00e0 <\/span><\/span><\/span><\/span><span style=\"color: #000000;\"><span style=\"font-family: Bitstream Charter, serif;\"><span style=\"font-size: medium;\"><span lang=\"it-IT\"><span>s<\/span><\/span><\/span><\/span><\/span><span style=\"color: #000000;\"><span style=\"font-family: Bitstream Charter, serif;\"><span style=\"font-size: medium;\"><span>portiva, dibattiti, esposizione <\/span><\/span><\/span><\/span><span style=\"color: #000000;\"><span style=\"font-family: Bitstream Charter, serif;\"><span style=\"font-size: medium;\"><span>artigianato e attivit\u00e0 delle comunit\u00e0<\/span><\/span><\/span><\/span><span style=\"color: #000000;\"><span style=\"font-family: Bitstream Charter, serif;\"><span style=\"font-size: medium;\"><span>, cucina tipica dei paesi aderenti, sfilata <\/span><\/span><\/span><\/span><span style=\"color: #000000;\"><span style=\"font-family: Bitstream Charter, serif;\"><span style=\"font-size: medium;\"><span>abiti tipici, <\/span><\/span><\/span><\/span><span style=\"color: #000000;\"><span style=\"font-family: Bitstream Charter, serif;\"><span style=\"font-size: medium;\"><span>e <\/span><\/span><\/span><\/span><span style=\"color: #000000;\"><span style=\"font-family: Bitstream Charter, serif;\"><span style=\"font-size: medium;\"><span>conclusione in <\/span><\/span><\/span><\/span><span style=\"color: #000000;\"><span style=\"font-family: Bitstream Charter, serif;\"><span style=\"font-size: medium;\"><span>musica.<\/span><\/span><\/span><\/span><span style=\"color: #000000;\"><span style=\"font-family: Bitstream Charter, serif;\"><span style=\"font-size: medium;\"><span><br \/><\/span><\/span><\/span><\/span><span style=\"color: #000000;\"><span style=\"font-family: Bitstream Charter, serif;\"><span style=\"font-size: medium;\"><span lang=\"it-IT\"><span>I<\/span><\/span><\/span><\/span><\/span><span style=\"color: #000000;\"><span style=\"font-family: Bitstream Charter, serif;\"><span style=\"font-size: medium;\"><span>l numero <\/span><\/span><\/span><\/span><span style=\"color: #000000;\"><span style=\"font-family: Bitstream Charter, serif;\"><span style=\"font-size: medium;\"><span>con l&#8217;adesione d<\/span><\/span><\/span><\/span><span style=\"color: #000000;\"><span style=\"font-family: Bitstream Charter, serif;\"><span style=\"font-size: medium;\"><span>el <\/span><\/span><\/span><\/span><span style=\"color: #000000;\"><span style=\"font-family: Bitstream Charter, serif;\"><span style=\"font-size: medium;\"><span>Gabon, Burkina-Faso, Kenya, Congo-Brazzaville ed E<\/span><\/span><\/span><\/span><span style=\"color: #000000;\"><span style=\"font-family: Bitstream Charter, serif;\"><span style=\"font-size: medium;\"><span>r<\/span><\/span><\/span><\/span><span style=\"color: #000000;\"><span style=\"font-family: Bitstream Charter, serif;\"><span style=\"font-size: medium;\"><span>i<\/span><\/span><\/span><\/span><span style=\"color: #000000;\"><span style=\"font-family: Bitstream Charter, serif;\"><span style=\"font-size: medium;\"><span>trea. <\/span><\/span><\/span><\/span><span style=\"color: #000000;\"><span style=\"font-family: Bitstream Charter, serif;\"><span style=\"font-size: medium;\"><span> <\/span><\/span><\/span><\/span><span style=\"color: #000000;\"><span style=\"font-family: Bitstream Charter, serif;\"><span style=\"font-size: medium;\"><span>I partecipan<\/span><\/span><\/span><\/span><span style=\"color: #000000;\"><span style=\"font-family: Bitstream Charter, serif;\"><span style=\"font-size: medium;\"><span lang=\"it-IT\"><span>ti<\/span><\/span><\/span><\/span><\/span><span style=\"color: #000000;\"><span style=\"font-family: Bitstream Charter, serif;\"><span style=\"font-size: medium;\"><span> a questa <\/span><\/span><\/span><\/span><span style=\"color: #000000;\"><span style=\"font-family: Bitstream Charter, serif;\"><span style=\"font-size: medium;\"><span lang=\"it-IT\"><span>terza <\/span><\/span><\/span><\/span><\/span><span style=\"color: #000000;\"><span style=\"font-family: Bitstream Charter, serif;\"><span style=\"font-size: medium;\"><span>edizione sono stati <\/span><\/span><\/span><\/span><span style=\"color: #000000;\"><span style=\"font-family: Bitstream Charter, serif;\"><span style=\"font-size: medium;\"><span lang=\"it-IT\"><span>vinti-nove <\/span><\/span><\/span><\/span><\/span><span style=\"color: #000000;\"><span style=\"font-family: Bitstream Charter, serif;\"><span style=\"font-size: medium;\"><span>(29) paesi.<\/span><\/span><\/span><\/span><\/p>\n<p>[\/et_pb_slide][et_pb_slide heading=&#8221;Festival Panafricano Torino 2017&#8243; button_text=&#8221;Click per la galleria &#8221; button_link=&#8221;https:\/\/panafricando.org\/index.php\/galleria-festival-2017\/&#8221; image=&#8221;http:\/\/panafricando.org\/wp-content\/uploads\/2022\/06\/280122564_3358501681054470_1592817581029130976_n.jpg&#8221; _builder_version=&#8221;4.17.4&#8243; _module_preset=&#8221;default&#8221; custom_button=&#8221;on&#8221; button_text_color=&#8221;#000000&#8243; button_border_width=&#8221;3px&#8221; button_border_color=&#8221;#E09900&#8243; button_border_radius=&#8221;15px&#8221; button_font=&#8221;|600|||||||&#8221; button_use_icon=&#8221;off&#8221; box_shadow_style_button=&#8221;preset4&#8243; global_colors_info=&#8221;{}&#8221; sticky_transition=&#8221;on&#8221;]<\/p>\n<p class=\"western\" align=\"left\"><span style=\"color: #000000;\"><span style=\"font-family: Bitstream Charter, serif;\"><span style=\"font-size: medium;\"><span>La quarta edizione dal 25 al 28 Maggio 2017 \u00e8 promossa da tutti i paesi della terza edizione e sempre con il sostegno della Circoscrizione 7, del Centro Piemontese di Studi Africani e con il patrocinio della Citt\u00e0 di Torino, del Consiglio Regionale e dell&#8217;INPS. Si sono in seguito aggiunti altri paesi, tra i quali il Niger, Gambia, Sud Africa e il Ciad, che hanno portano il numero dei paesi aderenti a 32.<br \/><\/span><\/span><\/span><\/span><span style=\"color: #000000;\"><span style=\"font-family: Bitstream Charter, serif;\"><span style=\"font-size: medium;\"><span>Si era svolto con l&#8217;apertura il gioved\u00ec 25 al <\/span><\/span><\/span><\/span><span><span style=\"color: #000000;\"><span style=\"font-family: Bitstream Charter, serif;\"><span style=\"font-size: medium;\">CASA del TEATRO RAGAZZI e GIOVANI di<\/span><\/span><\/span><\/span><span style=\"color: #000000;\"><span style=\"font-family: Bitstream Charter, serif;\"><span style=\"font-size: medium;\"><span><br \/><\/span><\/span><\/span><\/span><span><span style=\"color: #000000;\"><span style=\"font-family: Bitstream Charter, serif;\"><span style=\"font-size: medium;\">c.so Galileo Ferraris, 266 Torino, e il 26 e7 alla Officine Corsari a Via Giorgio Pallavicino, 35 Torino sempre nella <\/span><\/span><\/span><\/span><span style=\"color: #000000;\"><span style=\"font-family: Bitstream Charter, serif;\"><span style=\"font-size: medium;\"><span>circoscrizione 7 e il 27 sui campi di via Carmagnola 27 a Torino.<\/span><\/span><\/span><\/span><\/p>\n<p>[\/et_pb_slide][et_pb_slide heading=&#8221;Festival Panafricano Torino 2018&#8243; button_text=&#8221;Click per la galleria &#8221; image=&#8221;http:\/\/panafricando.org\/wp-content\/uploads\/2022\/06\/279966989_3361647304073241_4931340752216376173_n.jpg&#8221; _builder_version=&#8221;4.17.4&#8243; _module_preset=&#8221;default&#8221; custom_button=&#8221;on&#8221; button_text_color=&#8221;#000000&#8243; button_border_width=&#8221;3px&#8221; button_border_color=&#8221;#E09900&#8243; button_border_radius=&#8221;15px&#8221; button_font=&#8221;|600|||||||&#8221; button_use_icon=&#8221;off&#8221; box_shadow_style_button=&#8221;preset4&#8243; global_colors_info=&#8221;{}&#8221; sticky_transition=&#8221;on&#8221;]<\/p>\n<p class=\"western\" align=\"left\"><span style=\"color: #000000;\"><span style=\"font-family: Bitstream Charter, serif;\"><span style=\"font-size: medium;\"><span>La quinta edizione <\/span><\/span><\/span><\/span><span style=\"color: #000000;\"><span style=\"font-family: Bitstream Charter, serif;\"><span style=\"font-size: medium;\"><span>\u00e8 stat<\/span><\/span><\/span><\/span><span style=\"color: #000000;\"><span style=\"font-family: Bitstream Charter, serif;\"><span style=\"font-size: medium;\"><span lang=\"it-IT\"><span>a<\/span><\/span><\/span><\/span><\/span><span style=\"color: #000000;\"><span style=\"font-family: Bitstream Charter, serif;\"><span style=\"font-size: medium;\"><span> organizzat<\/span><\/span><\/span><\/span><span style=\"color: #000000;\"><span style=\"font-family: Bitstream Charter, serif;\"><span style=\"font-size: medium;\"><span>a <\/span><\/span><\/span><\/span><span style=\"color: #000000;\"><span style=\"font-family: Bitstream Charter, serif;\"><span style=\"font-size: medium;\"><span>in due fasi: la prima, <\/span><\/span><\/span><\/span><span style=\"color: #000000;\"><span style=\"font-family: Bitstream Charter, serif;\"><span style=\"font-size: medium;\"><span lang=\"it-IT\"><span>una<\/span><\/span><\/span><\/span><\/span><span><span style=\"color: #000000;\"><span style=\"font-family: Bitstream Charter, serif;\"><span style=\"font-size: medium;\">&#8216;<\/span><\/span><\/span><\/span><span><span style=\"color: #000000;\"><span style=\"font-family: Bitstream Charter, serif;\"><span style=\"font-size: medium;\"><b>&#8216; Mostra Fotografica &#8221; <\/b><\/span><\/span><\/span><\/span><span><span style=\"color: #000000;\"><span style=\"font-family: Bitstream Charter, serif;\"><span style=\"font-size: medium;\"><b>con libro vivente <\/b><\/span><\/span><\/span><\/span><span><span style=\"color: #000000;\"><span style=\"font-family: Bitstream Charter, serif;\"><span style=\"font-size: medium;\">animata alcune presone di spicco delle comunit\u00e0<\/span><\/span><\/span><\/span><span><span style=\"color: #000000;\"><span style=\"font-family: Bitstream Charter, serif;\"><span style=\"font-size: medium;\"><b>, si \u00e8 svolta dal 04 al 18 maggio<\/b><\/span><\/span><\/span><\/span><span><span style=\"color: #000000;\"><span style=\"font-family: Bitstream Charter, serif;\"><span style=\"font-size: medium;\">, nell&#8217;ex biblioteca del <\/span><\/span><\/span><\/span><span><span style=\"color: #000000;\"><span style=\"font-family: Bitstream Charter, serif;\"><span style=\"font-size: medium;\"><b>Palazzo Lascaris in Consiglio Regionale del Piemonte<\/b><\/span><\/span><\/span><\/span><span><span style=\"color: #000000;\"><span style=\"font-family: Bitstream Charter, serif;\"><span style=\"font-size: medium;\">, partecipando alla <\/span><\/span><\/span><\/span><span><span style=\"color: #000000;\"><span style=\"font-family: Bitstream Charter, serif;\"><span style=\"font-size: medium;\"><b>&#8221;Notte Bianca&#8221;.<br \/><\/b><\/span><\/span><\/span><\/span><span><span style=\"color: #000000;\"><span style=\"font-family: Bitstream Charter, serif;\"><span style=\"font-size: medium;\">La seconda fase, il festival stesso, si \u00e8 svolto dal 24 al 27 Maggio 2018 nel Museo dell&#8217;ex <\/span><\/span><\/span><\/span><span><span style=\"color: #000000;\"><span style=\"font-family: Bitstream Charter, serif;\"><span style=\"font-size: medium;\"><b>Carcere &#8220;Le Nuove&#8221; in Via Paolo Borsellino, 3<\/b><\/span><\/span><\/span><\/span><span><span style=\"color: #000000;\"><span style=\"font-family: Bitstream Charter, serif;\"><span style=\"font-size: medium;\">. <\/span><\/span><\/span><\/span><span style=\"color: #000000;\"><span style=\"font-family: Bitstream Charter, serif;\"><span style=\"font-size: medium;\"><span>E&#8217; stata promossa dall&#8217;associazione Panafricando e <\/span><\/span><\/span><\/span><span style=\"color: #000000;\"><span style=\"font-family: Bitstream Charter, serif;\"><span style=\"font-size: medium;\"><span>le <\/span><\/span><\/span><\/span><span><span style=\"color: #000000;\"><span style=\"font-family: Bitstream Charter, serif;\"><span style=\"font-size: medium;\">comunit\u00e0 <\/span><\/span><\/span><\/span><span><span style=\"color: #000000;\"><span style=\"font-family: Bitstream Charter, serif;\"><span style=\"font-size: medium;\">degli paesi aderenti <\/span><\/span><\/span><\/span><span><span style=\"color: #000000;\"><span style=\"font-family: Bitstream Charter, serif;\"><span style=\"font-size: medium;\">della quarta edizione.<\/span><\/span><\/span><\/span><span><span style=\"color: #000000;\"><span style=\"font-family: Bitstream Charter, serif;\"><span style=\"font-size: medium;\"><br \/>R<\/span><\/span><\/span><\/span><span style=\"color: #000000;\"><span style=\"font-family: Bitstream Charter, serif;\"><span style=\"font-size: medium;\"><span>ealizzat<\/span><\/span><\/span><\/span><span style=\"color: #000000;\"><span style=\"font-family: Bitstream Charter, serif;\"><span style=\"font-size: medium;\"><span>a<\/span><\/span><\/span><\/span><span style=\"color: #000000;\"><span style=\"font-family: Bitstream Charter, serif;\"><span style=\"font-size: medium;\"><span> in collaborazione con il Consiglio Regionale del Piemonte, con il Patrocinio della Regionale del Piemonte, della direzione Regionale dell&#8217;INPS, della Citt\u00e0 Metropolitana di Torino, del Comitato Regionale dei Diritti Umani, della Citt\u00e0 di Torino, della Circoscrizione 7 e 3 del comune di Torino e con il sostegno dei nostri partner pubblici e privati. <\/span><\/span><\/span><\/span><span style=\"color: #000000;\"><span style=\"font-family: Bitstream Charter, serif;\"><span style=\"font-size: medium;\"><span>Con attivit\u00e0, dibattiti, <\/span><\/span><\/span><\/span><span style=\"color: #000000;\"><span style=\"font-family: Bitstream Charter, serif;\"><span style=\"font-size: medium;\"><span>laboratorio de teatro e danza per bambini e adulti, <\/span><\/span><\/span><\/span><span style=\"color: #000000;\"><span style=\"font-family: Bitstream Charter, serif;\"><span style=\"font-size: medium;\"><span>esposizione <\/span><\/span><\/span><\/span><span style=\"color: #000000;\"><span style=\"font-family: Bitstream Charter, serif;\"><span style=\"font-size: medium;\"><span>ar<\/span><\/span><\/span><\/span><span style=\"color: #000000;\"><span style=\"font-family: Bitstream Charter, serif;\"><span style=\"font-size: medium;\"><span>tisti di origini residenti in tutti Italia, <\/span><\/span><\/span><\/span><span style=\"color: #000000;\"><span style=\"font-family: Bitstream Charter, serif;\"><span style=\"font-size: medium;\"><span>sfilata <\/span><\/span><\/span><\/span><span style=\"color: #000000;\"><span style=\"font-family: Bitstream Charter, serif;\"><span style=\"font-size: medium;\"><span>organizzato da <\/span><\/span><\/span><\/span><span style=\"color: #000000;\"><span style=\"font-family: Bitstream Charter, serif;\"><span style=\"font-size: medium;\"><span>\u2018<\/span><\/span><\/span><\/span><span style=\"color: #000000;\"><span style=\"font-family: Bitstream Charter, serif;\"><span style=\"font-size: medium;\"><span>Afro Fasion\u2019 con stilisti di origini residenti in tutti Italia<\/span><\/span><\/span><\/span><span style=\"color: #000000;\"><span style=\"font-family: Bitstream Charter, serif;\"><span style=\"font-size: medium;\"><span>, esposizione <\/span><\/span><\/span><\/span><span style=\"color: #000000;\"><span style=\"font-family: Bitstream Charter, serif;\"><span style=\"font-size: medium;\"><span>artigianato e attivit\u00e0 delle comunit\u00e0<\/span><\/span><\/span><\/span><span style=\"color: #000000;\"><span style=\"font-family: Bitstream Charter, serif;\"><span style=\"font-size: medium;\"><span>, cucina tipica dei paesi aderenti, sfilata <\/span><\/span><\/span><\/span><span style=\"color: #000000;\"><span style=\"font-family: Bitstream Charter, serif;\"><span style=\"font-size: medium;\"><span>abiti tipici, <\/span><\/span><\/span><\/span><span style=\"color: #000000;\"><span style=\"font-family: Bitstream Charter, serif;\"><span style=\"font-size: medium;\"><span>e <\/span><\/span><\/span><\/span><span style=\"color: #000000;\"><span style=\"font-family: Bitstream Charter, serif;\"><span style=\"font-size: medium;\"><span>conclusione in <\/span><\/span><\/span><\/span><span style=\"color: #000000;\"><span style=\"font-family: Bitstream Charter, serif;\"><span style=\"font-size: medium;\"><span>musica.<\/span><\/span><\/span><\/span><span style=\"color: #000000;\"><span style=\"font-family: Bitstream Charter, serif;\"><span style=\"font-size: medium;\"><span><br \/><\/span><\/span><\/span><\/span><span style=\"color: #000000;\"><span style=\"font-family: Bitstream Charter, serif;\"><span style=\"font-size: medium;\"><span lang=\"it-IT\"><span>Hanno aderito<\/span><\/span><\/span><\/span><\/span><span style=\"color: #000000;\"><span style=\"font-family: Bitstream Charter, serif;\"><span style=\"font-size: medium;\"><span>, il Guinea Bissau, portando il numero <\/span><\/span><\/span><\/span><span style=\"color: #000000;\"><span style=\"font-family: Bitstream Charter, serif;\"><span style=\"font-size: medium;\"><span>partecipante<\/span><\/span><\/span><\/span><span style=\"color: #000000;\"><span style=\"font-family: Bitstream Charter, serif;\"><span style=\"font-size: medium;\"><span> a 33 <\/span><\/span><\/span><\/span><span style=\"color: #000000;\"><span style=\"font-family: Bitstream Charter, serif;\"><span style=\"font-size: medium;\"><span>paesi<\/span><\/span><\/span><\/span><span style=\"color: #000000;\"><span style=\"font-family: Bitstream Charter, serif;\"><span style=\"font-size: medium;\"><span>.<\/span><\/span><\/span><\/span><\/p>\n<p>[\/et_pb_slide][et_pb_slide heading=&#8221;Festival Panafricano Torino 2022&#8243; button_text=&#8221;Click per la galleria &#8221; button_link=&#8221;https:\/\/panafricando.org\/index.php\/galleria-festival-panafricano-2022\/&#8221; image=&#8221;http:\/\/panafricando.org\/wp-content\/uploads\/2023\/01\/img-fpTo-2217.jpg&#8221; _builder_version=&#8221;4.17.4&#8243; _module_preset=&#8221;default&#8221; custom_button=&#8221;on&#8221; button_text_color=&#8221;#000000&#8243; button_border_width=&#8221;3px&#8221; button_border_color=&#8221;#E09900&#8243; button_border_radius=&#8221;15px&#8221; button_font=&#8221;|600|||||||&#8221; button_use_icon=&#8221;off&#8221; box_shadow_style_button=&#8221;preset4&#8243; global_colors_info=&#8221;{}&#8221; sticky_transition=&#8221;on&#8221;]<\/p>\n<p><span style=\"font-size: medium;\"><span><span style=\"color: #000000;\"><span style=\"font-family: Lucida Grande, Verdana, sans-serif;\">Le 24 &amp; 25 Maggio, Panafricando ha organizzato in collaborazione del cinema Teatro Maffei, via Pricipe Tom<\/span><\/span><\/span><span><span style=\"color: #000000;\"><span style=\"font-family: Lucida Grande, Verdana, sans-serif;\">m<\/span><\/span><\/span><span><span style=\"color: #000000;\"><span style=\"font-family: Lucida Grande, Verdana, sans-serif;\">aso 5,\u00a0 per la <\/span><\/span><\/span><span><span style=\"color: #000000;\"><span style=\"font-family: Lucida Grande, Verdana;\">della celebrazione della <\/span><\/span><\/span><span><span style=\"color: #000000;\"><span style=\"font-family: Lucida Grande, Verdana;\"><b>67 anni della creazione dell\u2019Unione Africana, Il Festival Panafricano Piu, <\/b><\/span><\/span><\/span><span><span style=\"color: #000000;\"><span style=\"font-family: Lucida Grande, Verdana;\">al Cinema &#8211; Treatro Maffei in via <\/span><\/span><\/span><span><span style=\"color: #000000;\"><span style=\"font-family: Lucida Grande, Verdana, sans-serif;\">Via Principe Tommaso, 5.<br \/><\/span><\/span><\/span><\/span><span style=\"font-size: medium;\"><span style=\"color: #000000;\"><span style=\"font-family: Lucida Grande, Verdana, sans-serif;\">Il 25 Maggio Panafricando, \u00e8 stato collaboratore del Centro Piemontese di Studio Africani (CSA) e il Centro Studio di Politica Internazionale (CeSPI) diretta streaming alle ore 10,30 al <\/span><\/span><span style=\"color: #000000;\"><span style=\"font-family: Lucida Grande, Verdana, sans-serif;\"><b>CIRCOLO DEI LETTORI &#8211; VIA BOGINO, 9<\/b><\/span><\/span><span style=\"color: #000000;\"> <\/span><span style=\"color: #000000;\"><span style=\"font-family: Lucida Grande, Verdana, sans-serif;\">dal Ministere Affari Esteri (MAECI) <\/span><\/span><span style=\"color: #000000;\"><span style=\"font-family: Lucida Grande, Verdana;\">della celebrazione della <\/span><\/span><span style=\"color: #000000;\"><span style=\"font-family: Lucida Grande, Verdana;\"><b>GIORNATA DELL\u2019AFRICA 2022.<br \/><\/b><\/span><\/span><span style=\"color: #000000;\"><span style=\"font-family: Bitstream Charter, serif;\">Con attivit\u00e0 teatro, progettazione di documentari realizzatore da registri di artisti di origini residenti in Italia,<\/span><\/span><span style=\"color: #000000;\"> <\/span><span style=\"color: #000000;\"><span style=\"font-family: Bitstream Charter, serif;\">cucina tipica di paesi, concerto di<\/span><\/span><span style=\"color: #000000;\"> <\/span><span style=\"color: #000000;\"><span style=\"font-family: Bitstream Charter, serif;\">musica.<\/span><\/span><\/span><\/p>\n<p>[\/et_pb_slide][et_pb_slide heading=&#8221;Festival Panafricano Torino 2023&#8243; button_text=&#8221;Click per la galleria &#8221; button_link=&#8221;https:\/\/panafricando.org\/index.php\/galleria-festival-panafricano-2022\/&#8221; image=&#8221;http:\/\/panafricando.org\/wp-content\/uploads\/2023\/06\/locandina-7\u00b0-Edizione-FESTIVAL-PANAFRICANO-di-Torino22-x-25-06-2023.jpg&#8221; _builder_version=&#8221;4.17.4&#8243; _module_preset=&#8221;default&#8221; custom_button=&#8221;on&#8221; button_text_color=&#8221;#000000&#8243; button_border_width=&#8221;3px&#8221; button_border_color=&#8221;#E09900&#8243; button_border_radius=&#8221;15px&#8221; button_font=&#8221;|600|||||||&#8221; button_use_icon=&#8221;off&#8221; box_shadow_style_button=&#8221;preset4&#8243; global_colors_info=&#8221;{}&#8221; sticky_transition=&#8221;on&#8221;]<\/p>\n<p><span>Dal 22 Giugno al 25 Giugno<\/span><span>\u00a07a edizione del Festival Panafricano di Torino. Nei diversi spazi messi a disposizione dal comune tra cui la Gam, Cine-teatro Baretti, l\u2019Educatorio della Provvidenza, il polo culturale Lombroso, Casa del Quartiere di San Salvaria, il Cine-Teatro Maffei, ha presentato ai cittadini interessati una rosa di attivit\u00e0 composta da n.9 laboratori e workshop gestiti dalle comunit\u00e0 africane e afrodiscendenti aderenti all\u2019iniziativa, n.4 eventi musicali, n. 1 performance comica, n.3 presentazioni di libri, n.4 conferenze, n.2 filate, n. 3 proiezioni cinematografiche e n.1 mostra fotografica.<\/span><\/p>\n<p>[\/et_pb_slide][et_pb_slide heading=&#8221;Festival Panafricano Torino 2024&#8243; button_text=&#8221;Click per la galleria &#8221; button_link=&#8221;https:\/\/panafricando.org\/index.php\/galleria-8-festival-panafricano-torino-2024\/&#8221; image=&#8221;http:\/\/panafricando.org\/wp-content\/uploads\/2024\/06\/img-8-edizione-202400.jpg&#8221; _builder_version=&#8221;4.17.4&#8243; _module_preset=&#8221;default&#8221; custom_button=&#8221;on&#8221; button_text_color=&#8221;#000000&#8243; button_border_width=&#8221;3px&#8221; button_border_color=&#8221;#E09900&#8243; button_border_radius=&#8221;15px&#8221; button_font=&#8221;|600|||||||&#8221; button_use_icon=&#8221;off&#8221; box_shadow_style_button=&#8221;preset4&#8243; global_colors_info=&#8221;{}&#8221; sticky_transition=&#8221;on&#8221;]<\/p>\n<p class=\"western\" align=\"left\"><span>\u2013\u00a0<\/span><span><span lang=\"it-IT\">Q<\/span><\/span><span>u<\/span><span><span lang=\"it-IT\">esta<\/span><\/span><span>\u00a0l\u20198*edizione del Festival<\/span><span><span lang=\"it-IT\">\u00a0Panafricano Torino \u00e8 stato organizzato su 6 giorni in 2 fine di settimana per dare pi\u00f9 opportunit\u00e0 agli membri delle varie comunit\u00e0 di essere partecipe.<\/span><\/span><\/p>\n<p><span><span lang=\"it-IT\">L<\/span><\/span><span>e 24, 25, 26, 31 Maggio le 01 e 02 Giugno\u00a0<\/span><span>si \u00e8<\/span><span>\u00a0s<\/span><span>volto :\u00a0 il 24, 25, al <strong>POLO DEL 900,\u00a0 il 26 allo spagio Cartiera e\u00a0 il 02 Giugno al <b>Parco della Tesoriera\u00a0 \u201dospite\u00a0 del GRENN FESTIVAL \u201d.<\/b><\/strong><\/span><\/p>\n<p class=\"western\"><span><b><strong>\u2013 Abbiamo dovuto\u00a0 ricuperare,\u00a0 le 21 &amp; 22 settembre al COMALA in Corso Ferrucci, le giornate del 31 Maggio e 2 Giugno, <\/strong><\/b>che sono state annullate per il maltempo nel mese di maggio.<\/span><\/p>\n<p>[\/et_pb_slide][\/et_pb_slider][\/et_pb_column][\/et_pb_row][et_pb_row column_structure=&#8221;1_3,1_3,1_3&#8243; use_custom_gutter=&#8221;on&#8221; gutter_width=&#8221;2&#8243; make_equal=&#8221;on&#8221; module_class=&#8221; et_pb_row_fullwidth&#8221; _builder_version=&#8221;4.17.4&#8243; _module_preset=&#8221;default&#8221; width=&#8221;100%&#8221; width_tablet=&#8221;100%&#8221; width_phone=&#8221;100%&#8221; width_last_edited=&#8221;on|desktop&#8221; max_width=&#8221;100%&#8221; max_width_tablet=&#8221;100%&#8221; max_width_phone=&#8221;100%&#8221; max_width_last_edited=&#8221;on|desktop&#8221; module_alignment=&#8221;center&#8221; min_height=&#8221;440px&#8221; custom_margin=&#8221;6px|25px|6px|25px|true|true&#8221; custom_padding=&#8221;33px|15px|33px|15px|true|true&#8221; make_fullwidth=&#8221;on&#8221; global_colors_info=&#8221;{}&#8221;][et_pb_column type=&#8221;1_3&#8243; _builder_version=&#8221;4.16&#8243; _module_preset=&#8221;default&#8221; custom_padding=&#8221;|||&#8221; global_colors_info=&#8221;{}&#8221; custom_padding__hover=&#8221;|||&#8221;][et_pb_video src=&#8221;http:\/\/panafricando.org\/wp-content\/uploads\/2023\/11\/Festival-Panafricano-2017.mp4&#8243; image_src=&#8221;http:\/\/panafricando.org\/wp-content\/uploads\/2023\/11\/Volantino-V-edizione-Festival-Panafricano-Torino-2018sin1.jpg&#8221; _builder_version=&#8221;4.17.4&#8243; _module_preset=&#8221;default&#8221; background_image=&#8221;http:\/\/panafricando.org\/wp-content\/uploads\/2022\/09\/locandina-Festival-Panafricano-Torino-2018b.png&#8221; custom_margin=&#8221;||-9px|||&#8221; custom_padding=&#8221;||44px|||&#8221; border_width_all=&#8221;3px&#8221; global_colors_info=&#8221;{}&#8221;][\/et_pb_video][\/et_pb_column][et_pb_column type=&#8221;1_3&#8243; _builder_version=&#8221;4.16&#8243; _module_preset=&#8221;default&#8221; custom_padding=&#8221;|||&#8221; global_colors_info=&#8221;{}&#8221; custom_padding__hover=&#8221;|||&#8221;][et_pb_video src=&#8221;http:\/\/panafricando.org\/wp-content\/uploads\/2023\/11\/Festival-Panafricano-2017.mp4&#8243; image_src=&#8221;http:\/\/panafricando.org\/wp-content\/uploads\/2022\/06\/carto-24x05x2022.jpg&#8221; _builder_version=&#8221;4.17.4&#8243; _module_preset=&#8221;default&#8221; custom_margin=&#8221;||-35px|||&#8221; custom_padding=&#8221;||46px|||&#8221; border_width_all=&#8221;2px&#8221; global_colors_info=&#8221;{}&#8221;][\/et_pb_video][\/et_pb_column][et_pb_column type=&#8221;1_3&#8243; _builder_version=&#8221;4.16&#8243; _module_preset=&#8221;default&#8221; custom_padding=&#8221;|||&#8221; global_colors_info=&#8221;{}&#8221; custom_padding__hover=&#8221;|||&#8221;][et_pb_video src=&#8221;http:\/\/panafricando.org\/wp-content\/uploads\/2022\/06\/Il-gusto-del-Festival-360p.mp4&#8243; image_src=&#8221;http:\/\/panafricando.org\/wp-content\/uploads\/2022\/12\/Copertura-festival-PanafricanoTo-2017.png&#8221; _builder_version=&#8221;4.17.4&#8243; _module_preset=&#8221;default&#8221; custom_padding=&#8221;||44px|||&#8221; border_width_all=&#8221;2px&#8221; global_colors_info=&#8221;{}&#8221;][\/et_pb_video][\/et_pb_column][\/et_pb_row][\/et_pb_section][et_pb_section fb_built=&#8221;1&#8243; _builder_version=&#8221;4.17.4&#8243; _module_preset=&#8221;default&#8221; custom_padding=&#8221;23px||0px|||&#8221; global_colors_info=&#8221;{}&#8221;][et_pb_row _builder_version=&#8221;4.17.4&#8243; _module_preset=&#8221;default&#8221; width=&#8221;100%&#8221; max_width=&#8221;2254px&#8221; custom_padding=&#8221;21px|||||&#8221; global_colors_info=&#8221;{}&#8221;][et_pb_column type=&#8221;4_4&#8243; _builder_version=&#8221;4.17.4&#8243; _module_preset=&#8221;default&#8221; global_colors_info=&#8221;{}&#8221;][et_pb_button button_text=&#8221;Partners di Panafricando-APS&#8221; button_alignment=&#8221;center&#8221; _builder_version=&#8221;4.17.4&#8243; _module_preset=&#8221;default&#8221; custom_button=&#8221;on&#8221; button_text_size=&#8221;20px&#8221; button_text_color=&#8221;#ffffff&#8221; button_bg_color=&#8221;#c39d63&#8243; button_border_width=&#8221;2px&#8221; button_border_color=&#8221;#c39d63&#8243; button_border_radius=&#8221;15px&#8221; button_letter_spacing=&#8221;2px&#8221; button_font=&#8221;Montserrat|||on|&#8221; button_use_icon=&#8221;off&#8221; custom_margin=&#8221;19px||19px||true|&#8221; animation_style=&#8221;zoom&#8221; animation_intensity_zoom=&#8221;20%&#8221; box_shadow_style=&#8221;preset4&#8243; button_letter_spacing_hover=&#8221;2px&#8221; locked=&#8221;off&#8221; global_colors_info=&#8221;{}&#8221; button_text_size__hover_enabled=&#8221;off&#8221; button_one_text_size__hover_enabled=&#8221;off&#8221; button_two_text_size__hover_enabled=&#8221;off&#8221; button_text_color__hover_enabled=&#8221;off&#8221; button_one_text_color__hover_enabled=&#8221;off&#8221; button_two_text_color__hover_enabled=&#8221;off&#8221; button_border_width__hover_enabled=&#8221;off&#8221; button_one_border_width__hover_enabled=&#8221;off&#8221; button_two_border_width__hover_enabled=&#8221;off&#8221; button_border_color__hover_enabled=&#8221;off&#8221; button_one_border_color__hover_enabled=&#8221;off&#8221; button_two_border_color__hover_enabled=&#8221;off&#8221; button_border_radius__hover_enabled=&#8221;off&#8221; button_one_border_radius__hover_enabled=&#8221;off&#8221; button_two_border_radius__hover_enabled=&#8221;off&#8221; button_letter_spacing__hover_enabled=&#8221;on&#8221; button_letter_spacing__hover=&#8221;2px&#8221; button_one_letter_spacing__hover_enabled=&#8221;off&#8221; button_two_letter_spacing__hover_enabled=&#8221;off&#8221; button_bg_color__hover_enabled=&#8221;off&#8221; button_one_bg_color__hover_enabled=&#8221;off&#8221; button_two_bg_color__hover_enabled=&#8221;off&#8221;][\/et_pb_button][divi8_logo_carousel divi8_nav_dynamicbullet=&#8221;off&#8221; wrapper_spacing_margin=&#8221;|5px||5px|false|true&#8221; _builder_version=&#8221;4.17.4&#8243; _module_preset=&#8221;default&#8221; custom_padding=&#8221;24px||0px|||&#8221; global_colors_info=&#8221;{}&#8221;][divi8_logo_carousel_item img=&#8221;http:\/\/panafricando.org\/wp-content\/uploads\/2023\/01\/image004-oimh-94.jpg&#8221; _builder_version=&#8221;4.17.4&#8243; _module_preset=&#8221;default&#8221; global_colors_info=&#8221;{}&#8221;][\/divi8_logo_carousel_item][divi8_logo_carousel_item img=&#8221;http:\/\/panafricando.org\/wp-content\/uploads\/2023\/01\/AicsTorino_60Anni_ORIZZ-300&#215;94-1.png&#8221; _builder_version=&#8221;4.17.4&#8243; _module_preset=&#8221;default&#8221; global_colors_info=&#8221;{}&#8221;][\/divi8_logo_carousel_item][divi8_logo_carousel_item img=&#8221;http:\/\/panafricando.org\/wp-content\/uploads\/2023\/01\/logo-ahyme-festival94.jpg&#8221; _builder_version=&#8221;4.17.4&#8243; _module_preset=&#8221;default&#8221; global_colors_info=&#8221;{}&#8221;][\/divi8_logo_carousel_item][divi8_logo_carousel_item img=&#8221;http:\/\/panafricando.org\/wp-content\/uploads\/2023\/01\/Logo-partners-Consiglio-regionale-panafricando.jpg&#8221; _builder_version=&#8221;4.17.4&#8243; _module_preset=&#8221;default&#8221; global_colors_info=&#8221;{}&#8221;][\/divi8_logo_carousel_item][divi8_logo_carousel_item img=&#8221;http:\/\/panafricando.org\/wp-content\/uploads\/2023\/01\/logo-cespih-94.png&#8221; _builder_version=&#8221;4.17.4&#8243; _module_preset=&#8221;default&#8221; global_colors_info=&#8221;{}&#8221;][\/divi8_logo_carousel_item][divi8_logo_carousel_item img=&#8221;http:\/\/panafricando.org\/wp-content\/uploads\/2023\/01\/logo-csah-94.png&#8221; _builder_version=&#8221;4.17.4&#8243; _module_preset=&#8221;default&#8221; global_colors_info=&#8221;{}&#8221;][\/divi8_logo_carousel_item][divi8_logo_carousel_item img=&#8221;http:\/\/panafricando.org\/wp-content\/uploads\/2023\/01\/Cecchi-Point-logo_XL-300&#215;94-1.png&#8221; _builder_version=&#8221;4.17.4&#8243; _module_preset=&#8221;default&#8221; global_colors_info=&#8221;{}&#8221;][\/divi8_logo_carousel_item][divi8_logo_carousel_item img=&#8221;http:\/\/panafricando.org\/wp-content\/uploads\/2024\/11\/Logo-Zenith.png&#8221; _builder_version=&#8221;4.17.4&#8243; _module_preset=&#8221;default&#8221; global_colors_info=&#8221;{}&#8221;][\/divi8_logo_carousel_item][divi8_logo_carousel_item img=&#8221;http:\/\/panafricando.org\/wp-content\/uploads\/2024\/11\/logo-summit-diaspore140-96.png&#8221; _builder_version=&#8221;4.17.4&#8243; _module_preset=&#8221;default&#8221; global_colors_info=&#8221;{}&#8221;][\/divi8_logo_carousel_item][divi8_logo_carousel_item img=&#8221;http:\/\/panafricando.org\/wp-content\/uploads\/2024\/11\/logo-esperanceDeVies-7ok.png&#8221; _builder_version=&#8221;4.17.4&#8243; _module_preset=&#8221;default&#8221; global_colors_info=&#8221;{}&#8221;][\/divi8_logo_carousel_item][divi8_logo_carousel_item img=&#8221;http:\/\/panafricando.org\/wp-content\/uploads\/2024\/11\/logo-valdocco-100.png&#8221; _builder_version=&#8221;4.17.4&#8243; _module_preset=&#8221;default&#8221; global_colors_info=&#8221;{}&#8221;][\/divi8_logo_carousel_item][divi8_logo_carousel_item img=&#8221;http:\/\/panafricando.org\/wp-content\/uploads\/2024\/11\/logo-AT-png-2-100.png&#8221; _builder_version=&#8221;4.17.4&#8243; _module_preset=&#8221;default&#8221; global_colors_info=&#8221;{}&#8221;][\/divi8_logo_carousel_item][divi8_logo_carousel_item img=&#8221;http:\/\/panafricando.org\/wp-content\/uploads\/2024\/11\/logo-fcompagnia-di-sanpaolo-to.png&#8221; _builder_version=&#8221;4.17.4&#8243; _module_preset=&#8221;default&#8221; global_colors_info=&#8221;{}&#8221;][\/divi8_logo_carousel_item][divi8_logo_carousel_item img=&#8221;http:\/\/panafricando.org\/wp-content\/uploads\/2024\/11\/fcrt-logo@2x.png&#8221; _builder_version=&#8221;4.17.4&#8243; _module_preset=&#8221;default&#8221; global_colors_info=&#8221;{}&#8221;][\/divi8_logo_carousel_item][\/divi8_logo_carousel][\/et_pb_column][\/et_pb_row][\/et_pb_section]<\/p>\n","protected":false},"excerpt":{"rendered":"<p>Registrato il 28 Dicembre 2016 dopo la terza edizione del Festival Panafricano \u00a0 E&#8217; una rete ed il consolidamento sul territorio formata da un gruppo di persone appartenenti a diverse comunit\u00e0 di origine africana, africana\/italiana, afrodiscendente ed italiana presenti sul territorio Torinese. Panafricando, \u00e8 una associazione di promozione sociale e culturale, fa parte di una [&hellip;]<\/p>\n","protected":false},"author":1,"featured_media":0,"parent":0,"menu_order":0,"comment_status":"closed","ping_status":"closed","template":"","meta":{"_et_pb_use_builder":"on","_et_pb_old_content":"","_et_gb_content_width":"","footnotes":""},"class_list":["post-586","page","type-page","status-publish","hentry"],"_links":{"self":[{"href":"https:\/\/panafricando.org\/index.php\/wp-json\/wp\/v2\/pages\/586","targetHints":{"allow":["GET"]}}],"collection":[{"href":"https:\/\/panafricando.org\/index.php\/wp-json\/wp\/v2\/pages"}],"about":[{"href":"https:\/\/panafricando.org\/index.php\/wp-json\/wp\/v2\/types\/page"}],"author":[{"embeddable":true,"href":"https:\/\/panafricando.org\/index.php\/wp-json\/wp\/v2\/users\/1"}],"replies":[{"embeddable":true,"href":"https:\/\/panafricando.org\/index.php\/wp-json\/wp\/v2\/comments?post=586"}],"version-history":[{"count":320,"href":"https:\/\/panafricando.org\/index.php\/wp-json\/wp\/v2\/pages\/586\/revisions"}],"predecessor-version":[{"id":3418,"href":"https:\/\/panafricando.org\/index.php\/wp-json\/wp\/v2\/pages\/586\/revisions\/3418"}],"wp:attachment":[{"href":"https:\/\/panafricando.org\/index.php\/wp-json\/wp\/v2\/media?parent=586"}],"curies":[{"name":"wp","href":"https:\/\/api.w.org\/{rel}","templated":true}]}}